{"id":293,"date":"2025-05-24T16:07:31","date_gmt":"2025-05-24T14:07:31","guid":{"rendered":"https:\/\/ensihoitoalanliitto.fi\/?page_id=293"},"modified":"2026-04-07T10:33:02","modified_gmt":"2026-04-07T08:33:02","slug":"hallitus","status":"publish","type":"page","link":"https:\/\/ensihoitoalanliitto.fi\/?page_id=293","title":{"rendered":"Hallitus"},"content":{"rendered":"\t\t<div data-elementor-type=\"wp-page\" data-elementor-id=\"293\" class=\"elementor elementor-293\" data-elementor-post-type=\"page\">\n\t\t\t\t<div class=\"elementor-element elementor-element-2646e095 e-flex e-con-boxed e-con e-parent\" data-id=\"2646e095\" data-element_type=\"container\" data-e-type=\"container\" data-settings=\"{&quot;background_background&quot;:&quot;classic&quot;}\">\n\t\t\t\t\t<div class=\"e-con-inner\">\n\t\t\t\t<div class=\"elementor-element elementor-element-21821de4 elementor-widget elementor-widget-heading\" data-id=\"21821de4\" data-element_type=\"widget\" data-e-type=\"widget\" data-widget_type=\"heading.default\">\n\t\t\t\t<div class=\"elementor-widget-container\">\n\t\t\t\t\t<h2 class=\"elementor-heading-title elementor-size-default\">Puheenjohtajisto<\/h2>\t\t\t\t<\/div>\n\t\t\t\t<\/div>\n\t\t<div class=\"elementor-element elementor-element-5f9996c e-con-full e-flex e-con e-child\" data-id=\"5f9996c\" data-element_type=\"container\" data-e-type=\"container\">\n\t\t\t\t<div class=\"elementor-element elementor-element-5875f0a6 elementor-widget-tablet__width-initial elementor-widget-mobile__width-inherit elementor-widget__width-initial elementor-position-top elementor-widget elementor-widget-image-box\" data-id=\"5875f0a6\" data-element_type=\"widget\" data-e-type=\"widget\" data-widget_type=\"image-box.default\">\n\t\t\t\t<div class=\"elementor-widget-container\">\n\t\t\t\t\t<div class=\"elementor-image-box-wrapper\"><figure class=\"elementor-image-box-img\"><img fetchpriority=\"high\" decoding=\"async\" width=\"675\" height=\"844\" src=\"https:\/\/ensihoitoalanliitto.fi\/wp-content\/uploads\/2026\/04\/SEHL_Kuvat_Juha.webp\" class=\"elementor-animation-grow attachment-medium_large size-medium_large wp-image-931\" alt=\"\" srcset=\"https:\/\/ensihoitoalanliitto.fi\/wp-content\/uploads\/2026\/04\/SEHL_Kuvat_Juha.webp 675w, https:\/\/ensihoitoalanliitto.fi\/wp-content\/uploads\/2026\/04\/SEHL_Kuvat_Juha-240x300.webp 240w\" sizes=\"(max-width: 675px) 100vw, 675px\" \/><\/figure><div class=\"elementor-image-box-content\"><h4 class=\"elementor-image-box-title\">Juha Hy\u00f6tyl\u00e4inen<\/h4><p class=\"elementor-image-box-description\">Puheenjohtaja<br>\n\nHoitotason ensihoitaja- K-S hyvinvointialueen p\u00e4\u00e4toiminen p\u00e4\u00e4luottamusedustaja\n\nOlen ollut noin kaksikymment\u00e4viisi vuotta sotealalla ja l\u00e4hinn\u00e4 ensi- ja akuuttihoidossa \nhoitotason ensihoitajana. Olen toiminut my\u00f6s ensihoidon kouluttajana. Olen n\u00e4hnyt kehityksen ja\nollut kehitt\u00e4m\u00e4ss\u00e4 asioita sairaankuljetuksesta ensihoitoon. Saamme olla ylpeit\u00e4 ammatistamme \nmaailmanlaajuisesti. Jatkuva koulutus- ja ty\u00f6olojen sek\u00e4 turvallisuuden parantaminen on l\u00e4hell\u00e4 syd\u00e4nt\u00e4ni.\nMenn\u00e4\u00e4n yhdess\u00e4 riviss\u00e4 eteenp\u00e4in ja liitto on sama kuin sen j\u00e4senist\u00f6. Asioihin voi oikeasti vaikuttaa ja siksi \nhaluan olla toiminnassa mukana ja kantaa ylpe\u00e4n\u00e4 puheenjohtajuutta sek\u00e4 tehd\u00e4 parhaani kaikkien meid\u00e4n j\u00e4senten eteen. Ty\u00f6skentelen my\u00f6s Himoksella Ski Patrolina\/Ea-p\u00e4ivyst\u00e4j\u00e4n\u00e4 miss\u00e4 ty\u00f6 sek\u00e4 harrastus mukavasti kohtaa toisensa. <\/p><\/div><\/div>\t\t\t\t<\/div>\n\t\t\t\t<\/div>\n\t\t\t\t<div class=\"elementor-element elementor-element-2690df0 elementor-widget-tablet__width-initial elementor-widget-mobile__width-inherit elementor-widget__width-initial elementor-position-top elementor-widget elementor-widget-image-box\" data-id=\"2690df0\" data-element_type=\"widget\" data-e-type=\"widget\" data-widget_type=\"image-box.default\">\n\t\t\t\t<div class=\"elementor-widget-container\">\n\t\t\t\t\t<div class=\"elementor-image-box-wrapper\"><figure class=\"elementor-image-box-img\"><img decoding=\"async\" width=\"675\" height=\"844\" src=\"https:\/\/ensihoitoalanliitto.fi\/wp-content\/uploads\/2026\/04\/SEHL_Kuvat_Sakari.webp\" class=\"elementor-animation-grow attachment-medium_large size-medium_large wp-image-922\" alt=\"\" srcset=\"https:\/\/ensihoitoalanliitto.fi\/wp-content\/uploads\/2026\/04\/SEHL_Kuvat_Sakari.webp 675w, https:\/\/ensihoitoalanliitto.fi\/wp-content\/uploads\/2026\/04\/SEHL_Kuvat_Sakari-240x300.png 240w\" sizes=\"(max-width: 675px) 100vw, 675px\" \/><\/figure><div class=\"elementor-image-box-content\"><h4 class=\"elementor-image-box-title\">Sakari Saukkoriipi<\/h4><p class=\"elementor-image-box-description\">2 Varapuheenjohtaja\u200b<br>\n\nHEMS-ensihoitaja, FH40, FinnHEMS\n\nSairaanhoitaja\n\nOlen ty\u00f6skennellyt ensihoidon parissa vuodesta 2006 alkaen, ensin Pohjois-Savon pelastuslaitoksella yhteens\u00e4 16 vuoden ajan erilaisissa ensihoitoteht\u00e4viss\u00e4 \u2013 niin ensihoitajana kuin esimiesteht\u00e4viss\u00e4. Vuodesta 2022 l\u00e4htien olen toiminut HEMS-ensihoitajana FinnHEMSin palveluksessa.\n\nOlen palvellut useissa kansainv\u00e4lisiss\u00e4 kriisinhallintaoperaatioissa. Lis\u00e4ksi olen toiminut FINN RESCUE TEAM -pelastusmuodostelmassa sek\u00e4 TAST (Technical Assistance and Support Team) -toiminnassa.\n\n\nOlen ollut mukana liiton hallitusty\u00f6skentelyss\u00e4 kolmen vuoden ajan, ja vuonna 2025 aloitin teht\u00e4v\u00e4ni liiton 2. varapuheenjohtajana.<\/p><\/div><\/div>\t\t\t\t<\/div>\n\t\t\t\t<\/div>\n\t\t\t\t<\/div>\n\t\t\t\t\t<\/div>\n\t\t\t\t<\/div>\n\t\t<div class=\"elementor-element elementor-element-e6fac05 e-flex e-con-boxed e-con e-parent\" data-id=\"e6fac05\" data-element_type=\"container\" data-e-type=\"container\" data-settings=\"{&quot;background_background&quot;:&quot;classic&quot;}\">\n\t\t\t\t\t<div class=\"e-con-inner\">\n\t\t\t\t<div class=\"elementor-element elementor-element-8da9e66 elementor-widget elementor-widget-heading\" data-id=\"8da9e66\" data-element_type=\"widget\" data-e-type=\"widget\" data-widget_type=\"heading.default\">\n\t\t\t\t<div class=\"elementor-widget-container\">\n\t\t\t\t\t<h2 class=\"elementor-heading-title elementor-size-default\">Varsinainen j\u00e4senet<\/h2>\t\t\t\t<\/div>\n\t\t\t\t<\/div>\n\t\t<div class=\"elementor-element elementor-element-df817b0 e-con-full e-flex e-con e-child\" data-id=\"df817b0\" data-element_type=\"container\" data-e-type=\"container\">\n\t\t\t\t<div class=\"elementor-element elementor-element-41170b5 elementor-widget-tablet__width-initial elementor-widget-mobile__width-inherit elementor-widget__width-initial elementor-position-top elementor-widget elementor-widget-image-box\" data-id=\"41170b5\" data-element_type=\"widget\" data-e-type=\"widget\" data-widget_type=\"image-box.default\">\n\t\t\t\t<div class=\"elementor-widget-container\">\n\t\t\t\t\t<div class=\"elementor-image-box-wrapper\"><figure class=\"elementor-image-box-img\"><img decoding=\"async\" width=\"300\" height=\"264\" src=\"https:\/\/ensihoitoalanliitto.fi\/wp-content\/uploads\/2025\/05\/Image_Placeholder-13122021-300x264.webp\" class=\"elementor-animation-grow attachment-medium size-medium wp-image-553\" alt=\"\" srcset=\"https:\/\/ensihoitoalanliitto.fi\/wp-content\/uploads\/2025\/05\/Image_Placeholder-13122021-300x264.webp 300w, https:\/\/ensihoitoalanliitto.fi\/wp-content\/uploads\/2025\/05\/Image_Placeholder-13122021.webp 683w\" sizes=\"(max-width: 300px) 100vw, 300px\" \/><\/figure><div class=\"elementor-image-box-content\"><h4 class=\"elementor-image-box-title\">Nikki Kotilainen<\/h4><p class=\"elementor-image-box-description\">Varsinainen j\u00e4sen\u00a0 <br>\n\nEnsihoitaja YAMK-\n\nTy\u00f6skentelen t\u00e4ll\u00e4 hetkell\u00e4 Etel\u00e4-Savon hyvinvointialueella hoitotason ensihoitajana ja ajoittain sijaistavana kentt\u00e4johtajana. Ensihoidossa l\u00e4hestyy kymmenen vuoden rajapyykki, jota ennen ty\u00f6skentelin mm. mielenterveys- ja p\u00e4ihdety\u00f6n parissa. Viimeisen viiden vuoden aikana olen my\u00f6s osallistunut aktiivisesti perustason ensihoidon opetukseen, toimien p\u00e4\u00e4ty\u00f6n ohella sivutoimisena tuntiopettajana. \n\nOsallistuminen oman alan kehitt\u00e4miseen sek\u00e4 valtakunnalliseen p\u00e4\u00e4t\u00f6ksentekoon on minulle t\u00e4rke\u00e4\u00e4 ja siin\u00e4 my\u00f6s keskeisin motivaationi hallitusty\u00f6skentelyyn. <\/p><\/div><\/div>\t\t\t\t<\/div>\n\t\t\t\t<\/div>\n\t\t\t\t<div class=\"elementor-element elementor-element-e08a9b1 elementor-widget-tablet__width-initial elementor-widget-mobile__width-inherit elementor-widget__width-initial elementor-position-top elementor-widget elementor-widget-image-box\" data-id=\"e08a9b1\" data-element_type=\"widget\" data-e-type=\"widget\" data-widget_type=\"image-box.default\">\n\t\t\t\t<div class=\"elementor-widget-container\">\n\t\t\t\t\t<div class=\"elementor-image-box-wrapper\"><figure class=\"elementor-image-box-img\"><img loading=\"lazy\" decoding=\"async\" width=\"675\" height=\"844\" src=\"https:\/\/ensihoitoalanliitto.fi\/wp-content\/uploads\/2026\/04\/SEHL_Kuvat_Tero.webp\" class=\"elementor-animation-grow attachment-medium_large size-medium_large wp-image-926\" alt=\"\" srcset=\"https:\/\/ensihoitoalanliitto.fi\/wp-content\/uploads\/2026\/04\/SEHL_Kuvat_Tero.webp 675w, https:\/\/ensihoitoalanliitto.fi\/wp-content\/uploads\/2026\/04\/SEHL_Kuvat_Tero-240x300.webp 240w\" sizes=\"(max-width: 675px) 100vw, 675px\" \/><\/figure><div class=\"elementor-image-box-content\"><h4 class=\"elementor-image-box-title\">Tero Karvinen<\/h4><p class=\"elementor-image-box-description\">Varsinainen j\u00e4sen\u00a0<br>\nTy\u00f6skentelen HEMS-ensihoitajana ja yksik\u00f6n esihenkil\u00f6n\u00e4 FinnHEMS 51:ss\u00e4 Rovaniemell\u00e4.\nTy\u00f6ura ensihoidon kent\u00e4ll\u00e4 on alkanut vuonna 1998. HEMS hommiin siirryin vuonna 2003 Sodankyl\u00e4\u00e4n ja sielt\u00e4 Rovaniemelle  2012. \n\nKun en ole t\u00f6iss\u00e4 pist\u00e4n puhelin kiinni ja pakkaan reppuun ev\u00e4st\u00e4 ja kodan. Sen j\u00e4lkeen suuntaan koirien kanssa kairaan. Pyssykin on mukana mets\u00e4stys aikaan.<\/p><\/div><\/div>\t\t\t\t<\/div>\n\t\t\t\t<\/div>\n\t\t\t\t<\/div>\n\t\t\t\t\t<\/div>\n\t\t\t\t<\/div>\n\t\t<div class=\"elementor-element elementor-element-abbf8a2 e-flex e-con-boxed e-con e-parent\" data-id=\"abbf8a2\" data-element_type=\"container\" data-e-type=\"container\" data-settings=\"{&quot;background_background&quot;:&quot;classic&quot;}\">\n\t\t\t\t\t<div class=\"e-con-inner\">\n\t\t\t\t<div class=\"elementor-element elementor-element-0688f32 elementor-widget elementor-widget-heading\" data-id=\"0688f32\" data-element_type=\"widget\" data-e-type=\"widget\" data-widget_type=\"heading.default\">\n\t\t\t\t<div class=\"elementor-widget-container\">\n\t\t\t\t\t<h2 class=\"elementor-heading-title elementor-size-default\">Varaj\u00e4senet<\/h2>\t\t\t\t<\/div>\n\t\t\t\t<\/div>\n\t\t<div class=\"elementor-element elementor-element-ed89453 e-con-full e-flex e-con e-child\" data-id=\"ed89453\" data-element_type=\"container\" data-e-type=\"container\">\n\t\t\t\t<div class=\"elementor-element elementor-element-f189170 elementor-widget-tablet__width-initial elementor-widget-mobile__width-inherit elementor-widget__width-initial elementor-position-top elementor-widget elementor-widget-image-box\" data-id=\"f189170\" data-element_type=\"widget\" data-e-type=\"widget\" data-widget_type=\"image-box.default\">\n\t\t\t\t<div class=\"elementor-widget-container\">\n\t\t\t\t\t<div class=\"elementor-image-box-wrapper\"><figure class=\"elementor-image-box-img\"><img decoding=\"async\" width=\"300\" height=\"264\" src=\"https:\/\/ensihoitoalanliitto.fi\/wp-content\/uploads\/2025\/05\/Image_Placeholder-13122021-300x264.webp\" class=\"elementor-animation-grow attachment-medium size-medium wp-image-553\" alt=\"\" srcset=\"https:\/\/ensihoitoalanliitto.fi\/wp-content\/uploads\/2025\/05\/Image_Placeholder-13122021-300x264.webp 300w, https:\/\/ensihoitoalanliitto.fi\/wp-content\/uploads\/2025\/05\/Image_Placeholder-13122021.webp 683w\" sizes=\"(max-width: 300px) 100vw, 300px\" \/><\/figure><div class=\"elementor-image-box-content\"><h4 class=\"elementor-image-box-title\">Tomi Malinen<\/h4><p class=\"elementor-image-box-description\">Varaj\u00e4sen<\/p><\/div><\/div>\t\t\t\t<\/div>\n\t\t\t\t<\/div>\n\t\t\t\t<div class=\"elementor-element elementor-element-1515112 elementor-widget-tablet__width-initial elementor-widget-mobile__width-inherit elementor-widget__width-initial elementor-position-top elementor-widget elementor-widget-image-box\" data-id=\"1515112\" data-element_type=\"widget\" data-e-type=\"widget\" data-widget_type=\"image-box.default\">\n\t\t\t\t<div class=\"elementor-widget-container\">\n\t\t\t\t\t<div class=\"elementor-image-box-wrapper\"><figure class=\"elementor-image-box-img\"><img loading=\"lazy\" decoding=\"async\" width=\"675\" height=\"844\" src=\"https:\/\/ensihoitoalanliitto.fi\/wp-content\/uploads\/2026\/04\/SEHL_Kuvat_Miika.webp\" class=\"elementor-animation-grow attachment-medium_large size-medium_large wp-image-927\" alt=\"\" srcset=\"https:\/\/ensihoitoalanliitto.fi\/wp-content\/uploads\/2026\/04\/SEHL_Kuvat_Miika.webp 675w, https:\/\/ensihoitoalanliitto.fi\/wp-content\/uploads\/2026\/04\/SEHL_Kuvat_Miika-240x300.webp 240w\" sizes=\"(max-width: 675px) 100vw, 675px\" \/><\/figure><div class=\"elementor-image-box-content\"><h4 class=\"elementor-image-box-title\">Miika Siren<\/h4><p class=\"elementor-image-box-description\">Varaj\u00e4sen<br>\n\nTy\u00f6skentelen Etel\u00e4-Pohjanmaan hyvinvointialueella p\u00e4\u00e4toimisena ty\u00f6suojeluvaltuutettuna. Minulla on kymmenen vuoden ty\u00f6kokemus ensihoidosta ja muutaman vuoden kokemus p\u00e4ivystyksest\u00e4. Olen suorittanut akuutti- ja ensihoidon kehitt\u00e4misen ja johtamisen YAMK-opinnot. Olen kiinnostunut ty\u00f6el\u00e4m\u00e4n kehitt\u00e4misest\u00e4 sek\u00e4 ensihoitajien edun ajamisesta. Toimin toista kautta Tehyn valtuustossa. Olen my\u00f6s Terveydenhuoltoalan ty\u00f6tt\u00f6myyskassan 2. varapuheenjohtaja. T\u00e4m\u00e4 on ensimm\u00e4inen kauteni Suomen ensihoitoalan liiton hallituksessa<\/p><\/div><\/div>\t\t\t\t<\/div>\n\t\t\t\t<\/div>\n\t\t\t\t<\/div>\n\t\t\t\t\t<\/div>\n\t\t\t\t<\/div>\n\t\t\t\t<\/div>\n\t\t","protected":false},"excerpt":{"rendered":"<p>Puheenjohtajisto Juha Hy\u00f6tyl\u00e4inen Puheenjohtaja Hoitotason ensihoitaja- K-S hyvinvointialueen p\u00e4\u00e4toiminen p\u00e4\u00e4luottamusedustaja Olen ollut noin kaksikymment\u00e4viisi vuotta sotealalla ja l\u00e4hinn\u00e4 ensi- ja [&hellip;]<\/p>\n","protected":false},"author":1,"featured_media":0,"parent":0,"menu_order":0,"comment_status":"closed","ping_status":"closed","template":"","meta":{"site-sidebar-layout":"no-sidebar","site-content-layout":"","ast-site-content-layout":"full-width-container","site-content-style":"default","site-sidebar-style":"default","ast-global-header-display":"","ast-banner-title-visibility":"","ast-main-header-display":"","ast-hfb-above-header-display":"","ast-hfb-below-header-display":"","ast-hfb-mobile-header-display":"","site-post-title":"disabled","ast-breadcrumbs-content":"","ast-featured-img":"disabled","footer-sml-layout":"","ast-disable-related-posts":"","theme-transparent-header-meta":"","adv-header-id-meta":"","stick-header-meta":"","header-above-stick-meta":"","header-main-stick-meta":"","header-below-stick-meta":"","astra-migrate-meta-layouts":"default","ast-page-background-enabled":"default","ast-page-background-meta":{"desktop":{"background-color":"var(--ast-global-color-5)","background-image":"","background-repeat":"repeat","background-position":"center center","background-size":"auto","background-attachment":"scroll","background-type":"","background-media":"","overlay-type":"","overlay-color":"","overlay-opacity":"","overlay-gradient":""},"tablet":{"background-color":"","background-image":"","background-repeat":"repeat","background-position":"center center","background-size":"auto","background-attachment":"scroll","background-type":"","background-media":"","overlay-type":"","overlay-color":"","overlay-opacity":"","overlay-gradient":""},"mobile":{"background-color":"","background-image":"","background-repeat":"repeat","background-position":"center center","background-size":"auto","background-attachment":"scroll","background-type":"","background-media":"","overlay-type":"","overlay-color":"","overlay-opacity":"","overlay-gradient":""}},"ast-content-background-meta":{"desktop":{"background-color":"var(--ast-global-color-4)","background-image":"","background-repeat":"repeat","background-position":"center center","background-size":"auto","background-attachment":"scroll","background-type":"","background-media":"","overlay-type":"","overlay-color":"","overlay-opacity":"","overlay-gradient":""},"tablet":{"background-color":"var(--ast-global-color-4)","background-image":"","background-repeat":"repeat","background-position":"center center","background-size":"auto","background-attachment":"scroll","background-type":"","background-media":"","overlay-type":"","overlay-color":"","overlay-opacity":"","overlay-gradient":""},"mobile":{"background-color":"var(--ast-global-color-4)","background-image":"","background-repeat":"repeat","background-position":"center center","background-size":"auto","background-attachment":"scroll","background-type":"","background-media":"","overlay-type":"","overlay-color":"","overlay-opacity":"","overlay-gradient":""}},"footnotes":""},"class_list":["post-293","page","type-page","status-publish","hentry"],"_links":{"self":[{"href":"https:\/\/ensihoitoalanliitto.fi\/index.php?rest_route=\/wp\/v2\/pages\/293","targetHints":{"allow":["GET"]}}],"collection":[{"href":"https:\/\/ensihoitoalanliitto.fi\/index.php?rest_route=\/wp\/v2\/pages"}],"about":[{"href":"https:\/\/ensihoitoalanliitto.fi\/index.php?rest_route=\/wp\/v2\/types\/page"}],"author":[{"embeddable":true,"href":"https:\/\/ensihoitoalanliitto.fi\/index.php?rest_route=\/wp\/v2\/users\/1"}],"replies":[{"embeddable":true,"href":"https:\/\/ensihoitoalanliitto.fi\/index.php?rest_route=%2Fwp%2Fv2%2Fcomments&post=293"}],"version-history":[{"count":35,"href":"https:\/\/ensihoitoalanliitto.fi\/index.php?rest_route=\/wp\/v2\/pages\/293\/revisions"}],"predecessor-version":[{"id":935,"href":"https:\/\/ensihoitoalanliitto.fi\/index.php?rest_route=\/wp\/v2\/pages\/293\/revisions\/935"}],"wp:attachment":[{"href":"https:\/\/ensihoitoalanliitto.fi\/index.php?rest_route=%2Fwp%2Fv2%2Fmedia&parent=293"}],"curies":[{"name":"wp","href":"https:\/\/api.w.org\/{rel}","templated":true}]}}